{"id":41,"date":"2015-06-03T13:24:50","date_gmt":"2015-06-03T11:24:50","guid":{"rendered":"http:\/\/stadtgluet.ch\/?page_id=41"},"modified":"2021-11-27T13:54:43","modified_gmt":"2021-11-27T12:54:43","slug":"stadtglueuet-hoeren","status":"publish","type":"page","link":"http:\/\/stadtgluet.ch\/?page_id=41","title":{"rendered":"Stadtgl\u00fc\u00fct h\u00f6ren"},"content":{"rendered":"<p>Stadtgl\u00fc\u00fct 6<\/p>\n<p>Begr\u00fcssung des neuen Jahres am 1.1.2019 auf dem Winterthurer Kirchplatz mit Kilian Deisslers neuer Komposition &#8222;Der Klangfasan&#8220; (Ausschnitt)<\/p>\n<!--[if lt IE 9]><script>document.createElement('audio');<\/script><![endif]-->\n<audio class=\"wp-audio-shortcode\" id=\"audio-41-1\" preload=\"none\" style=\"width: 100%;\" controls=\"controls\"><source type=\"audio\/mpeg\" src=\"http:\/\/stadtgluet.ch\/wordpress\/wp-content\/uploads\/2015\/06\/Klangfasan.-mstrd.mp3?_=1\" \/><a href=\"http:\/\/stadtgluet.ch\/wordpress\/wp-content\/uploads\/2015\/06\/Klangfasan.-mstrd.mp3\">http:\/\/stadtgluet.ch\/wordpress\/wp-content\/uploads\/2015\/06\/Klangfasan.-mstrd.mp3<\/a><\/audio>\n<p>Stadtgl\u00fc\u00fct 5<\/p>\n<p>Begr\u00fcssung des Jahres 2018 am 1.1.2018 auf dem Winterthurer Kirchplatz<\/p>\n<!--[if lt IE 9]><script>document.createElement('audio');<\/script><![endif]-->\n\t<div class=\"wp-playlist wp-audio-playlist wp-playlist-light\">\n\t\t\t<div class=\"wp-playlist-current-item\"><\/div>\n\t\t<audio controls=\"controls\" preload=\"none\" width=\"638\"\n\t\t\t><\/audio>\n\t<div class=\"wp-playlist-next\"><\/div>\n\t<div class=\"wp-playlist-prev\"><\/div>\n\t<noscript>\n\t<ol>\n\t\t<li><a href='http:\/\/stadtgluet.ch\/wordpress\/wp-content\/uploads\/2015\/06\/5.1-Ta\u0308uberichs-Ungeduld.mp3'>T\u00e4uberichs Ungeduld<\/a><\/li><li><a href='http:\/\/stadtgluet.ch\/wordpress\/wp-content\/uploads\/2015\/06\/5.3-Chuetanz.mp3'>Chuetanz<\/a><\/li><li><a href='http:\/\/stadtgluet.ch\/wordpress\/wp-content\/uploads\/2015\/06\/5.4-Chinoiserie.mp3'>Chinoiserie<\/a><\/li><li><a href='http:\/\/stadtgluet.ch\/wordpress\/wp-content\/uploads\/2015\/06\/5.5-Stadtsa\u0308a\u0308ge.mp3'>Stadts\u00e4\u00e4ge<\/a><\/li><li><a href='http:\/\/stadtgluet.ch\/wordpress\/wp-content\/uploads\/2015\/06\/5.6-Klangmachers-Abschied.mp3'>Klangmachers Abschied<\/a><\/li><li><a href='http:\/\/stadtgluet.ch\/wordpress\/wp-content\/uploads\/2015\/06\/5.7-Oh-Du-gueti-Muetter-A\u0308rde.mp3'>Oh Du gueti Muetter \u00c4rde<\/a><\/li>\t<\/ol>\n\t<\/noscript>\n\t<script type=\"application\/json\" class=\"wp-playlist-script\">{\"type\":\"audio\",\"tracklist\":true,\"tracknumbers\":true,\"images\":true,\"artists\":true,\"tracks\":[{\"src\":\"http:\\\/\\\/stadtgluet.ch\\\/wordpress\\\/wp-content\\\/uploads\\\/2015\\\/06\\\/5.1-Ta\\u0308uberichs-Ungeduld.mp3\",\"type\":\"audio\\\/mpeg\",\"title\":\"T\\u00e4uberichs Ungeduld\",\"caption\":\"\",\"description\":\"\\\"5.1 T\\u00c3\\u00a4ub.Ungeduld corr\\\". Ver\\u00f6ffentlicht: 2017. Titel 1.\",\"meta\":{\"year\":\"2017\",\"length_formatted\":\"1:58\"},\"image\":{\"src\":\"http:\\\/\\\/stadtgluet.ch\\\/wordpress\\\/wp-includes\\\/images\\\/media\\\/audio.svg\",\"width\":48,\"height\":64},\"thumb\":{\"src\":\"http:\\\/\\\/stadtgluet.ch\\\/wordpress\\\/wp-includes\\\/images\\\/media\\\/audio.svg\",\"width\":48,\"height\":64}},{\"src\":\"http:\\\/\\\/stadtgluet.ch\\\/wordpress\\\/wp-content\\\/uploads\\\/2015\\\/06\\\/5.3-Chuetanz.mp3\",\"type\":\"audio\\\/mpeg\",\"title\":\"Chuetanz\",\"caption\":\"\",\"description\":\"\\\"5.3 Chuetanz\\\".\",\"meta\":{\"length_formatted\":\"2:05\"},\"image\":{\"src\":\"http:\\\/\\\/stadtgluet.ch\\\/wordpress\\\/wp-includes\\\/images\\\/media\\\/audio.svg\",\"width\":48,\"height\":64},\"thumb\":{\"src\":\"http:\\\/\\\/stadtgluet.ch\\\/wordpress\\\/wp-includes\\\/images\\\/media\\\/audio.svg\",\"width\":48,\"height\":64}},{\"src\":\"http:\\\/\\\/stadtgluet.ch\\\/wordpress\\\/wp-content\\\/uploads\\\/2015\\\/06\\\/5.4-Chinoiserie.mp3\",\"type\":\"audio\\\/mpeg\",\"title\":\"Chinoiserie\",\"caption\":\"\",\"description\":\"\\\"5.4 Chinoiserie\\\".\",\"meta\":{\"length_formatted\":\"3:45\"},\"image\":{\"src\":\"http:\\\/\\\/stadtgluet.ch\\\/wordpress\\\/wp-includes\\\/images\\\/media\\\/audio.svg\",\"width\":48,\"height\":64},\"thumb\":{\"src\":\"http:\\\/\\\/stadtgluet.ch\\\/wordpress\\\/wp-includes\\\/images\\\/media\\\/audio.svg\",\"width\":48,\"height\":64}},{\"src\":\"http:\\\/\\\/stadtgluet.ch\\\/wordpress\\\/wp-content\\\/uploads\\\/2015\\\/06\\\/5.5-Stadtsa\\u0308a\\u0308ge.mp3\",\"type\":\"audio\\\/mpeg\",\"title\":\"Stadts\\u00e4\\u00e4ge\",\"caption\":\"\",\"description\":\"\\\"5.5 Stadts\\u00c3\\u00a4ge\\\". Ver\\u00f6ffentlicht: 2017. Titel 1.\",\"meta\":{\"year\":\"2017\",\"length_formatted\":\"1:45\"},\"image\":{\"src\":\"http:\\\/\\\/stadtgluet.ch\\\/wordpress\\\/wp-includes\\\/images\\\/media\\\/audio.svg\",\"width\":48,\"height\":64},\"thumb\":{\"src\":\"http:\\\/\\\/stadtgluet.ch\\\/wordpress\\\/wp-includes\\\/images\\\/media\\\/audio.svg\",\"width\":48,\"height\":64}},{\"src\":\"http:\\\/\\\/stadtgluet.ch\\\/wordpress\\\/wp-content\\\/uploads\\\/2015\\\/06\\\/5.6-Klangmachers-Abschied.mp3\",\"type\":\"audio\\\/mpeg\",\"title\":\"Klangmachers Abschied\",\"caption\":\"\",\"description\":\"\\\"5.6 Klangmachers Abschied\\\".\",\"meta\":{\"length_formatted\":\"3:07\"},\"image\":{\"src\":\"http:\\\/\\\/stadtgluet.ch\\\/wordpress\\\/wp-includes\\\/images\\\/media\\\/audio.svg\",\"width\":48,\"height\":64},\"thumb\":{\"src\":\"http:\\\/\\\/stadtgluet.ch\\\/wordpress\\\/wp-includes\\\/images\\\/media\\\/audio.svg\",\"width\":48,\"height\":64}},{\"src\":\"http:\\\/\\\/stadtgluet.ch\\\/wordpress\\\/wp-content\\\/uploads\\\/2015\\\/06\\\/5.7-Oh-Du-gueti-Muetter-A\\u0308rde.mp3\",\"type\":\"audio\\\/mpeg\",\"title\":\"Oh Du gueti Muetter \\u00c4rde\",\"caption\":\"\",\"description\":\"\\\"5.7 Oh Du gueti Muetter A\\u0308rde\\\".\",\"meta\":{\"length_formatted\":\"3:08\"},\"image\":{\"src\":\"http:\\\/\\\/stadtgluet.ch\\\/wordpress\\\/wp-includes\\\/images\\\/media\\\/audio.svg\",\"width\":48,\"height\":64},\"thumb\":{\"src\":\"http:\\\/\\\/stadtgluet.ch\\\/wordpress\\\/wp-includes\\\/images\\\/media\\\/audio.svg\",\"width\":48,\"height\":64}}]}<\/script>\n<\/div>\n\t\n<p>Stadtgl\u00fc\u00fct 4<\/p>\n<p>Begr\u00fcssung des Jahres 2017 am 1.1.2017 auf dem Winterthurer Kirchplatz<\/p>\n<div class=\"wp-playlist wp-audio-playlist wp-playlist-light\">\n\t\t\t<div class=\"wp-playlist-current-item\"><\/div>\n\t\t<audio controls=\"controls\" preload=\"none\" width=\"638\"\n\t\t\t><\/audio>\n\t<div class=\"wp-playlist-next\"><\/div>\n\t<div class=\"wp-playlist-prev\"><\/div>\n\t<noscript>\n\t<ol>\n\t\t<li><a href='http:\/\/stadtgluet.ch\/wordpress\/wp-content\/uploads\/2015\/06\/Fr\u00fchling-wird-es-schon-bald.mp3'>Fr\u00fchling wird es schon bald<\/a><\/li><li><a href='http:\/\/stadtgluet.ch\/wordpress\/wp-content\/uploads\/2015\/06\/Z\u00f6gerndes-Rezitativ-Tanz.mp3'>Z\u00f6gerndes Rezitativ & Tanz<\/a><\/li><li><a href='http:\/\/stadtgluet.ch\/wordpress\/wp-content\/uploads\/2015\/06\/Zwischenkl\u00e4nge.mp3'>Zwischenkl\u00e4nge<\/a><\/li><li><a href='http:\/\/stadtgluet.ch\/wordpress\/wp-content\/uploads\/2015\/06\/Winterthurer-Glockenzucker.mp3'>Winterthurer Glockenzucker<\/a><\/li>\t<\/ol>\n\t<\/noscript>\n\t<script type=\"application\/json\" class=\"wp-playlist-script\">{\"type\":\"audio\",\"tracklist\":true,\"tracknumbers\":true,\"images\":true,\"artists\":true,\"tracks\":[{\"src\":\"http:\\\/\\\/stadtgluet.ch\\\/wordpress\\\/wp-content\\\/uploads\\\/2015\\\/06\\\/Fr\\u00fchling-wird-es-schon-bald.mp3\",\"type\":\"audio\\\/mpeg\",\"title\":\"Fr\\u00fchling wird es schon bald\",\"caption\":\"\",\"description\":\"\\\"Fr\\u00fchling wird es schon bald\\\". Ver\\u00f6ffentlicht: 2017.\",\"meta\":{\"year\":\"2017\",\"length_formatted\":\"5:20\"},\"image\":{\"src\":\"http:\\\/\\\/stadtgluet.ch\\\/wordpress\\\/wp-includes\\\/images\\\/media\\\/audio.svg\",\"width\":48,\"height\":64},\"thumb\":{\"src\":\"http:\\\/\\\/stadtgluet.ch\\\/wordpress\\\/wp-includes\\\/images\\\/media\\\/audio.svg\",\"width\":48,\"height\":64}},{\"src\":\"http:\\\/\\\/stadtgluet.ch\\\/wordpress\\\/wp-content\\\/uploads\\\/2015\\\/06\\\/Z\\u00f6gerndes-Rezitativ-Tanz.mp3\",\"type\":\"audio\\\/mpeg\",\"title\":\"Z\\u00f6gerndes Rezitativ & Tanz\",\"caption\":\"\",\"description\":\"\\\"Z\\u00f6gerndes Rezitativ & Tanz\\\". Ver\\u00f6ffentlicht: 2017.\",\"meta\":{\"year\":\"2017\",\"length_formatted\":\"3:36\"},\"image\":{\"src\":\"http:\\\/\\\/stadtgluet.ch\\\/wordpress\\\/wp-includes\\\/images\\\/media\\\/audio.svg\",\"width\":48,\"height\":64},\"thumb\":{\"src\":\"http:\\\/\\\/stadtgluet.ch\\\/wordpress\\\/wp-includes\\\/images\\\/media\\\/audio.svg\",\"width\":48,\"height\":64}},{\"src\":\"http:\\\/\\\/stadtgluet.ch\\\/wordpress\\\/wp-content\\\/uploads\\\/2015\\\/06\\\/Zwischenkl\\u00e4nge.mp3\",\"type\":\"audio\\\/mpeg\",\"title\":\"Zwischenkl\\u00e4nge\",\"caption\":\"\",\"description\":\"\\\"Zwischenkl\\u00e4nge\\\". Ver\\u00f6ffentlicht: 2017.\",\"meta\":{\"year\":\"2017\",\"length_formatted\":\"2:30\"},\"image\":{\"src\":\"http:\\\/\\\/stadtgluet.ch\\\/wordpress\\\/wp-includes\\\/images\\\/media\\\/audio.svg\",\"width\":48,\"height\":64},\"thumb\":{\"src\":\"http:\\\/\\\/stadtgluet.ch\\\/wordpress\\\/wp-includes\\\/images\\\/media\\\/audio.svg\",\"width\":48,\"height\":64}},{\"src\":\"http:\\\/\\\/stadtgluet.ch\\\/wordpress\\\/wp-content\\\/uploads\\\/2015\\\/06\\\/Winterthurer-Glockenzucker.mp3\",\"type\":\"audio\\\/mpeg\",\"title\":\"Winterthurer Glockenzucker\",\"caption\":\"\",\"description\":\"\\\"Winterthurer Glockenzucker\\\". Ver\\u00f6ffentlicht: 2017.\",\"meta\":{\"year\":\"2017\",\"length_formatted\":\"4:14\"},\"image\":{\"src\":\"http:\\\/\\\/stadtgluet.ch\\\/wordpress\\\/wp-includes\\\/images\\\/media\\\/audio.svg\",\"width\":48,\"height\":64},\"thumb\":{\"src\":\"http:\\\/\\\/stadtgluet.ch\\\/wordpress\\\/wp-includes\\\/images\\\/media\\\/audio.svg\",\"width\":48,\"height\":64}}]}<\/script>\n<\/div>\n\t\n<p>Stadtgl\u00fc\u00fct 3<br \/>\nBegr\u00fcssung des Jahres 2016 am 1.1.2016 auf dem Winterthurer Kirchplatz<\/p>\n<div class=\"wp-playlist wp-audio-playlist wp-playlist-light\">\n\t\t\t<div class=\"wp-playlist-current-item\"><\/div>\n\t\t<audio controls=\"controls\" preload=\"none\" width=\"638\"\n\t\t\t><\/audio>\n\t<div class=\"wp-playlist-next\"><\/div>\n\t<div class=\"wp-playlist-prev\"><\/div>\n\t<noscript>\n\t<ol>\n\t\t<li><a href='http:\/\/stadtgluet.ch\/wordpress\/wp-content\/uploads\/2015\/06\/EsLebtWeiter.mp3'>Lasst l\u00fc\u00fcten das Gl\u00fc\u00fct!<\/a><\/li><li><a href='http:\/\/stadtgluet.ch\/wordpress\/wp-content\/uploads\/2015\/06\/BlueArbogast.mp3'>Blue Arbogast<\/a><\/li><li><a href='http:\/\/stadtgluet.ch\/wordpress\/wp-content\/uploads\/2015\/06\/SeemerCarillon.mp3'>Seemer Carillon<\/a><\/li><li><a href='http:\/\/stadtgluet.ch\/wordpress\/wp-content\/uploads\/2015\/06\/WintiEngloutie.mp3'>Winti Engloutie<\/a><\/li><li><a href='http:\/\/stadtgluet.ch\/wordpress\/wp-content\/uploads\/2015\/06\/TaToess.mp3'>TaT\u00f6\u00f6ss<\/a><\/li><li><a href='http:\/\/stadtgluet.ch\/wordpress\/wp-content\/uploads\/2015\/06\/ZumNeuenJahr.mp3'>Good Noise<\/a><\/li>\t<\/ol>\n\t<\/noscript>\n\t<script type=\"application\/json\" class=\"wp-playlist-script\">{\"type\":\"audio\",\"tracklist\":true,\"tracknumbers\":true,\"images\":true,\"artists\":true,\"tracks\":[{\"src\":\"http:\\\/\\\/stadtgluet.ch\\\/wordpress\\\/wp-content\\\/uploads\\\/2015\\\/06\\\/EsLebtWeiter.mp3\",\"type\":\"audio\\\/mpeg\",\"title\":\"Lasst l\\u00fc\\u00fcten das Gl\\u00fc\\u00fct!\",\"caption\":\"Lasst l\\u00fc\\u00fcten das Gl\\u00fc\\u00fct!\",\"description\":\"Lasst l\\u00fc\\u00fcten das Gl\\u00fc\\u00fct!\",\"meta\":{\"album\":\"Stadtgl\\u00fc\\u00fct 3\",\"length_formatted\":\"3:25\"},\"image\":{\"src\":\"http:\\\/\\\/stadtgluet.ch\\\/wordpress\\\/wp-includes\\\/images\\\/media\\\/audio.svg\",\"width\":48,\"height\":64},\"thumb\":{\"src\":\"http:\\\/\\\/stadtgluet.ch\\\/wordpress\\\/wp-includes\\\/images\\\/media\\\/audio.svg\",\"width\":48,\"height\":64}},{\"src\":\"http:\\\/\\\/stadtgluet.ch\\\/wordpress\\\/wp-content\\\/uploads\\\/2015\\\/06\\\/BlueArbogast.mp3\",\"type\":\"audio\\\/mpeg\",\"title\":\"Blue Arbogast\",\"caption\":\"Blue Arbogast\",\"description\":\"Blue Arbogast\",\"meta\":{\"album\":\"Stadtgl\\u00fc\\u00fct 3\",\"length_formatted\":\"3:29\"},\"image\":{\"src\":\"http:\\\/\\\/stadtgluet.ch\\\/wordpress\\\/wp-includes\\\/images\\\/media\\\/audio.svg\",\"width\":48,\"height\":64},\"thumb\":{\"src\":\"http:\\\/\\\/stadtgluet.ch\\\/wordpress\\\/wp-includes\\\/images\\\/media\\\/audio.svg\",\"width\":48,\"height\":64}},{\"src\":\"http:\\\/\\\/stadtgluet.ch\\\/wordpress\\\/wp-content\\\/uploads\\\/2015\\\/06\\\/SeemerCarillon.mp3\",\"type\":\"audio\\\/mpeg\",\"title\":\"Seemer Carillon\",\"caption\":\"Seemer Carillon\",\"description\":\"Seemer Carillon\",\"meta\":{\"album\":\"Stadtgl\\u00fc\\u00fct 3\",\"length_formatted\":\"3:06\"},\"image\":{\"src\":\"http:\\\/\\\/stadtgluet.ch\\\/wordpress\\\/wp-includes\\\/images\\\/media\\\/audio.svg\",\"width\":48,\"height\":64},\"thumb\":{\"src\":\"http:\\\/\\\/stadtgluet.ch\\\/wordpress\\\/wp-includes\\\/images\\\/media\\\/audio.svg\",\"width\":48,\"height\":64}},{\"src\":\"http:\\\/\\\/stadtgluet.ch\\\/wordpress\\\/wp-content\\\/uploads\\\/2015\\\/06\\\/WintiEngloutie.mp3\",\"type\":\"audio\\\/mpeg\",\"title\":\"Winti Engloutie\",\"caption\":\"Winti Engloutie\",\"description\":\"Winti Engloutie\",\"meta\":{\"album\":\"Stdtgl\\u00fc\\u00fct 3\",\"length_formatted\":\"2:17\"},\"image\":{\"src\":\"http:\\\/\\\/stadtgluet.ch\\\/wordpress\\\/wp-includes\\\/images\\\/media\\\/audio.svg\",\"width\":48,\"height\":64},\"thumb\":{\"src\":\"http:\\\/\\\/stadtgluet.ch\\\/wordpress\\\/wp-includes\\\/images\\\/media\\\/audio.svg\",\"width\":48,\"height\":64}},{\"src\":\"http:\\\/\\\/stadtgluet.ch\\\/wordpress\\\/wp-content\\\/uploads\\\/2015\\\/06\\\/TaToess.mp3\",\"type\":\"audio\\\/mpeg\",\"title\":\"TaT\\u00f6\\u00f6ss\",\"caption\":\"TaT\\u00f6\\u00f6ss\",\"description\":\"TaT\\u00f6\\u00f6ss\",\"meta\":{\"album\":\"Stadtgl\\u00fc\\u00fct 3\",\"length_formatted\":\"3:09\"},\"image\":{\"src\":\"http:\\\/\\\/stadtgluet.ch\\\/wordpress\\\/wp-includes\\\/images\\\/media\\\/audio.svg\",\"width\":48,\"height\":64},\"thumb\":{\"src\":\"http:\\\/\\\/stadtgluet.ch\\\/wordpress\\\/wp-includes\\\/images\\\/media\\\/audio.svg\",\"width\":48,\"height\":64}},{\"src\":\"http:\\\/\\\/stadtgluet.ch\\\/wordpress\\\/wp-content\\\/uploads\\\/2015\\\/06\\\/ZumNeuenJahr.mp3\",\"type\":\"audio\\\/mpeg\",\"title\":\"Good Noise\",\"caption\":\"Good Noise\",\"description\":\"Good Noise\",\"meta\":{\"album\":\"Stadtgl\\u00fc\\u00fct 3\",\"length_formatted\":\"1:49\"},\"image\":{\"src\":\"http:\\\/\\\/stadtgluet.ch\\\/wordpress\\\/wp-includes\\\/images\\\/media\\\/audio.svg\",\"width\":48,\"height\":64},\"thumb\":{\"src\":\"http:\\\/\\\/stadtgluet.ch\\\/wordpress\\\/wp-includes\\\/images\\\/media\\\/audio.svg\",\"width\":48,\"height\":64}}]}<\/script>\n<\/div>\n\t\n<p>Stadtgl\u00fc\u00fct 2<br \/>\nAusklang des Jubil\u00e4umsjahres Winterthur750 am 31.12.2014\u00a0 auf dem Kirchplatz<\/p>\n<div class=\"wp-playlist wp-audio-playlist wp-playlist-light\">\n\t\t\t<div class=\"wp-playlist-current-item\"><\/div>\n\t\t<audio controls=\"controls\" preload=\"none\" width=\"638\"\n\t\t\t><\/audio>\n\t<div class=\"wp-playlist-next\"><\/div>\n\t<div class=\"wp-playlist-prev\"><\/div>\n\t<noscript>\n\t<ol>\n\t\t<li><a href='http:\/\/stadtgluet.ch\/wordpress\/wp-content\/uploads\/2015\/06\/07-Oh-du-lieber-Augustin.mp3'>Oh du lieber Augustin<\/a><\/li><li><a href='http:\/\/stadtgluet.ch\/wordpress\/wp-content\/uploads\/2015\/06\/08-Rosenberger-Dialog.mp3'>Rosenberger Dialog<\/a><\/li><li><a href='http:\/\/stadtgluet.ch\/wordpress\/wp-content\/uploads\/2015\/06\/09-Echo-vo-Chybrg.mp3'>Echo vo Chybrg<\/a><\/li><li><a href='http:\/\/stadtgluet.ch\/wordpress\/wp-content\/uploads\/2015\/06\/10-T\u00f6ssemer-Dialog.mp3'>T\u00f6ssemer Dialog<\/a><\/li><li><a href='http:\/\/stadtgluet.ch\/wordpress\/wp-content\/uploads\/2015\/06\/11-Nun-danket-alle-Gott.mp3'>Nun danket alle Gott<\/a><\/li>\t<\/ol>\n\t<\/noscript>\n\t<script type=\"application\/json\" class=\"wp-playlist-script\">{\"type\":\"audio\",\"tracklist\":true,\"tracknumbers\":true,\"images\":false,\"artists\":false,\"tracks\":[{\"src\":\"http:\\\/\\\/stadtgluet.ch\\\/wordpress\\\/wp-content\\\/uploads\\\/2015\\\/06\\\/07-Oh-du-lieber-Augustin.mp3\",\"type\":\"audio\\\/mpeg\",\"title\":\"Oh du lieber Augustin\",\"caption\":\"Oh du lieber Augustin\",\"description\":\"Oh du lieber Augustin\",\"meta\":{\"album\":\"Stadtgl\\u00fc\\u00fct 2\",\"length_formatted\":\"6:36\"},\"image\":{\"src\":\"http:\\\/\\\/stadtgluet.ch\\\/wordpress\\\/wp-includes\\\/images\\\/media\\\/audio.svg\",\"width\":48,\"height\":64},\"thumb\":{\"src\":\"http:\\\/\\\/stadtgluet.ch\\\/wordpress\\\/wp-includes\\\/images\\\/media\\\/audio.svg\",\"width\":48,\"height\":64}},{\"src\":\"http:\\\/\\\/stadtgluet.ch\\\/wordpress\\\/wp-content\\\/uploads\\\/2015\\\/06\\\/08-Rosenberger-Dialog.mp3\",\"type\":\"audio\\\/mpeg\",\"title\":\"Rosenberger Dialog\",\"caption\":\"Rosenberger Dialog\",\"description\":\"Rosenberger Dialog\",\"meta\":{\"album\":\"Stadtgl\\u00fc\\u00fct 2\",\"length_formatted\":\"2:10\"},\"image\":{\"src\":\"http:\\\/\\\/stadtgluet.ch\\\/wordpress\\\/wp-includes\\\/images\\\/media\\\/audio.svg\",\"width\":48,\"height\":64},\"thumb\":{\"src\":\"http:\\\/\\\/stadtgluet.ch\\\/wordpress\\\/wp-includes\\\/images\\\/media\\\/audio.svg\",\"width\":48,\"height\":64}},{\"src\":\"http:\\\/\\\/stadtgluet.ch\\\/wordpress\\\/wp-content\\\/uploads\\\/2015\\\/06\\\/09-Echo-vo-Chybrg.mp3\",\"type\":\"audio\\\/mpeg\",\"title\":\"Echo vo Chybrg\",\"caption\":\"Echo vo Chybrg\",\"description\":\"Echo vo Chybrg\",\"meta\":{\"album\":\"Stadtgl\\u00fc\\u00fct 2\",\"length_formatted\":\"1:54\"},\"image\":{\"src\":\"http:\\\/\\\/stadtgluet.ch\\\/wordpress\\\/wp-includes\\\/images\\\/media\\\/audio.svg\",\"width\":48,\"height\":64},\"thumb\":{\"src\":\"http:\\\/\\\/stadtgluet.ch\\\/wordpress\\\/wp-includes\\\/images\\\/media\\\/audio.svg\",\"width\":48,\"height\":64}},{\"src\":\"http:\\\/\\\/stadtgluet.ch\\\/wordpress\\\/wp-content\\\/uploads\\\/2015\\\/06\\\/10-T\\u00f6ssemer-Dialog.mp3\",\"type\":\"audio\\\/mpeg\",\"title\":\"T\\u00f6ssemer Dialog\",\"caption\":\"T\\u00f6ssemer Dialog\",\"description\":\"T\\u00f6ssemer Dialog\",\"meta\":{\"album\":\"Stadtgl\\u00fc\\u00fct 2\",\"length_formatted\":\"1:13\"},\"image\":{\"src\":\"http:\\\/\\\/stadtgluet.ch\\\/wordpress\\\/wp-includes\\\/images\\\/media\\\/audio.svg\",\"width\":48,\"height\":64},\"thumb\":{\"src\":\"http:\\\/\\\/stadtgluet.ch\\\/wordpress\\\/wp-includes\\\/images\\\/media\\\/audio.svg\",\"width\":48,\"height\":64}},{\"src\":\"http:\\\/\\\/stadtgluet.ch\\\/wordpress\\\/wp-content\\\/uploads\\\/2015\\\/06\\\/11-Nun-danket-alle-Gott.mp3\",\"type\":\"audio\\\/mpeg\",\"title\":\"Nun danket alle Gott\",\"caption\":\"Nun danket alle Gott\",\"description\":\"Nun danket alle Gott\",\"meta\":{\"album\":\"Stadtgl\\u00fc\\u00fct 2\",\"length_formatted\":\"3:30\"},\"image\":{\"src\":\"http:\\\/\\\/stadtgluet.ch\\\/wordpress\\\/wp-includes\\\/images\\\/media\\\/audio.svg\",\"width\":48,\"height\":64},\"thumb\":{\"src\":\"http:\\\/\\\/stadtgluet.ch\\\/wordpress\\\/wp-includes\\\/images\\\/media\\\/audio.svg\",\"width\":48,\"height\":64}}]}<\/script>\n<\/div>\n\t\n<p>Stadtgl\u00fc\u00fct 1<br \/>\nAuftakt zum Jubil\u00e4umsjahr Winterthur750 am 1.1.2014 auf dem Kirchplatz<\/p>\n<div class=\"wp-playlist wp-audio-playlist wp-playlist-light\">\n\t\t\t<div class=\"wp-playlist-current-item\"><\/div>\n\t\t<audio controls=\"controls\" preload=\"none\" width=\"638\"\n\t\t\t><\/audio>\n\t<div class=\"wp-playlist-next\"><\/div>\n\t<div class=\"wp-playlist-prev\"><\/div>\n\t<noscript>\n\t<ol>\n\t\t<li><a href='http:\/\/stadtgluet.ch\/wordpress\/wp-content\/uploads\/2015\/06\/01-Willkommen.mp3'>Willkommen<\/a><\/li><li><a href='http:\/\/stadtgluet.ch\/wordpress\/wp-content\/uploads\/2015\/06\/02-Miniatur-1-Promenade.mp3'>Miniatur 1 & Promenade<\/a><\/li><li><a href='http:\/\/stadtgluet.ch\/wordpress\/wp-content\/uploads\/2015\/06\/03-Miniatur-2-Uhrwerk.mp3'>Miniatur 2 & Uhrwerk<\/a><\/li><li><a href='http:\/\/stadtgluet.ch\/wordpress\/wp-content\/uploads\/2015\/06\/04-Miniatur-3-Jingle-Hell.mp3'>Miniatur 3 & Jingle Hell<\/a><\/li><li><a href='http:\/\/stadtgluet.ch\/wordpress\/wp-content\/uploads\/2015\/06\/05-Hammermezzo.mp3'>Hammermezzo<\/a><\/li><li><a href='http:\/\/stadtgluet.ch\/wordpress\/wp-content\/uploads\/2015\/06\/06-Miniatur-4-Finale.mp3'>Miniatur 4 & Finale<\/a><\/li>\t<\/ol>\n\t<\/noscript>\n\t<script type=\"application\/json\" class=\"wp-playlist-script\">{\"type\":\"audio\",\"tracklist\":true,\"tracknumbers\":true,\"images\":false,\"artists\":false,\"tracks\":[{\"src\":\"http:\\\/\\\/stadtgluet.ch\\\/wordpress\\\/wp-content\\\/uploads\\\/2015\\\/06\\\/01-Willkommen.mp3\",\"type\":\"audio\\\/mpeg\",\"title\":\"Willkommen\",\"caption\":\"Willkommen\",\"description\":\"Willkommen\",\"meta\":{\"album\":\"Stadtgl\\u00fc\\u00fct 1\",\"length_formatted\":\"3:45\"},\"image\":{\"src\":\"http:\\\/\\\/stadtgluet.ch\\\/wordpress\\\/wp-includes\\\/images\\\/media\\\/audio.svg\",\"width\":48,\"height\":64},\"thumb\":{\"src\":\"http:\\\/\\\/stadtgluet.ch\\\/wordpress\\\/wp-includes\\\/images\\\/media\\\/audio.svg\",\"width\":48,\"height\":64}},{\"src\":\"http:\\\/\\\/stadtgluet.ch\\\/wordpress\\\/wp-content\\\/uploads\\\/2015\\\/06\\\/02-Miniatur-1-Promenade.mp3\",\"type\":\"audio\\\/mpeg\",\"title\":\"Miniatur 1 & Promenade\",\"caption\":\"Miniatur 1 & Promenade\",\"description\":\"Miniatur 1 & Promenade\",\"meta\":{\"album\":\"Stadtgl\\u00fc\\u00fct 1\",\"length_formatted\":\"2:50\"},\"image\":{\"src\":\"http:\\\/\\\/stadtgluet.ch\\\/wordpress\\\/wp-includes\\\/images\\\/media\\\/audio.svg\",\"width\":48,\"height\":64},\"thumb\":{\"src\":\"http:\\\/\\\/stadtgluet.ch\\\/wordpress\\\/wp-includes\\\/images\\\/media\\\/audio.svg\",\"width\":48,\"height\":64}},{\"src\":\"http:\\\/\\\/stadtgluet.ch\\\/wordpress\\\/wp-content\\\/uploads\\\/2015\\\/06\\\/03-Miniatur-2-Uhrwerk.mp3\",\"type\":\"audio\\\/mpeg\",\"title\":\"Miniatur 2 & Uhrwerk\",\"caption\":\"Miniatur 2 & Uhrwerk\",\"description\":\"Miniatur 2 & Uhrwerk\",\"meta\":{\"album\":\"Stadtgl\\u00fc\\u00fct 1\",\"length_formatted\":\"3:30\"},\"image\":{\"src\":\"http:\\\/\\\/stadtgluet.ch\\\/wordpress\\\/wp-includes\\\/images\\\/media\\\/audio.svg\",\"width\":48,\"height\":64},\"thumb\":{\"src\":\"http:\\\/\\\/stadtgluet.ch\\\/wordpress\\\/wp-includes\\\/images\\\/media\\\/audio.svg\",\"width\":48,\"height\":64}},{\"src\":\"http:\\\/\\\/stadtgluet.ch\\\/wordpress\\\/wp-content\\\/uploads\\\/2015\\\/06\\\/04-Miniatur-3-Jingle-Hell.mp3\",\"type\":\"audio\\\/mpeg\",\"title\":\"Miniatur 3 & Jingle Hell\",\"caption\":\"Miniatur 3 & Jingle Hell\",\"description\":\"Miniatur 3 & Jingle Hell\",\"meta\":{\"album\":\"Stadtgl\\u00fc\\u00fct 1\",\"length_formatted\":\"3:07\"},\"image\":{\"src\":\"http:\\\/\\\/stadtgluet.ch\\\/wordpress\\\/wp-includes\\\/images\\\/media\\\/audio.svg\",\"width\":48,\"height\":64},\"thumb\":{\"src\":\"http:\\\/\\\/stadtgluet.ch\\\/wordpress\\\/wp-includes\\\/images\\\/media\\\/audio.svg\",\"width\":48,\"height\":64}},{\"src\":\"http:\\\/\\\/stadtgluet.ch\\\/wordpress\\\/wp-content\\\/uploads\\\/2015\\\/06\\\/05-Hammermezzo.mp3\",\"type\":\"audio\\\/mpeg\",\"title\":\"Hammermezzo\",\"caption\":\"Hammermezzo\",\"description\":\"Hammermezzo\",\"meta\":{\"album\":\"Stadtgl\\u00fc\\u00fct 1\",\"length_formatted\":\"2:01\"},\"image\":{\"src\":\"http:\\\/\\\/stadtgluet.ch\\\/wordpress\\\/wp-includes\\\/images\\\/media\\\/audio.svg\",\"width\":48,\"height\":64},\"thumb\":{\"src\":\"http:\\\/\\\/stadtgluet.ch\\\/wordpress\\\/wp-includes\\\/images\\\/media\\\/audio.svg\",\"width\":48,\"height\":64}},{\"src\":\"http:\\\/\\\/stadtgluet.ch\\\/wordpress\\\/wp-content\\\/uploads\\\/2015\\\/06\\\/06-Miniatur-4-Finale.mp3\",\"type\":\"audio\\\/mpeg\",\"title\":\"Miniatur 4 & Finale\",\"caption\":\"Miniatur 4 & Finale\",\"description\":\"Miniatur 4 & Finale\",\"meta\":{\"album\":\"Stadtgl\\u00fc\\u00fct 1\",\"length_formatted\":\"3:19\"},\"image\":{\"src\":\"http:\\\/\\\/stadtgluet.ch\\\/wordpress\\\/wp-includes\\\/images\\\/media\\\/audio.svg\",\"width\":48,\"height\":64},\"thumb\":{\"src\":\"http:\\\/\\\/stadtgluet.ch\\\/wordpress\\\/wp-includes\\\/images\\\/media\\\/audio.svg\",\"width\":48,\"height\":64}}]}<\/script>\n<\/div>\n\t\n<p>Vom <strong>Stadtgl\u00fc\u00fct 1 &amp; 2<\/strong> gibt es auch eine CD. Sie enth\u00e4lt zus\u00e4tzlich alle 15 Originalgel\u00e4ute der Winterthurer Kirchen und das Booklet verr\u00e4t viel Wissenswertes \u00fcber Glocken im allgemeinen und die Winterthurer Kirchgel\u00e4ute im speziellen.<\/p>\n<p>Ab 1. 1. 18 gelangt die neue CD vom <strong>Stadtgl\u00fc\u00fct 3\/4\/5<\/strong> in den Verkauf.<br \/>\nPreis Fr. 15.\u2014 (inkl. Versand).<\/p>\n<p><a href=\"http:\/\/stadtgluet.ch\/?p=78\">Hier bestellen<\/a><\/p>\n","protected":false},"excerpt":{"rendered":"<p>Stadtgl\u00fc\u00fct 6 Begr\u00fcssung des neuen Jahres am 1.1.2019 auf dem Winterthurer Kirchplatz mit Kilian Deisslers neuer Komposition &#8222;Der Klangfasan&#8220; (Ausschnitt) Stadtgl\u00fc\u00fct 5 Begr\u00fcssung des Jahres 2018 am 1.1.2018 auf dem Winterthurer Kirchplatz Stadtgl\u00fc\u00fct 4 Begr\u00fcssung des Jahres 2017 am 1.1.2017 auf dem Winterthurer Kirchplatz Stadtgl\u00fc\u00fct 3 Begr\u00fcssung des Jahres 2016 am 1.1.2016 auf dem Winterthurer &hellip; <a href=\"http:\/\/stadtgluet.ch\/?page_id=41\" class=\"more-link\"><span class=\"screen-reader-text\">Stadtgl\u00fc\u00fct h\u00f6ren<\/span> weiterlesen<\/a><\/p>\n","protected":false},"author":1,"featured_media":37,"parent":0,"menu_order":3,"comment_status":"closed","ping_status":"closed","template":"","meta":{"footnotes":""},"class_list":["post-41","page","type-page","status-publish","has-post-thumbnail","hentry"],"_links":{"self":[{"href":"http:\/\/stadtgluet.ch\/index.php?rest_route=\/wp\/v2\/pages\/41","targetHints":{"allow":["GET"]}}],"collection":[{"href":"http:\/\/stadtgluet.ch\/index.php?rest_route=\/wp\/v2\/pages"}],"about":[{"href":"http:\/\/stadtgluet.ch\/index.php?rest_route=\/wp\/v2\/types\/page"}],"author":[{"embeddable":true,"href":"http:\/\/stadtgluet.ch\/index.php?rest_route=\/wp\/v2\/users\/1"}],"replies":[{"embeddable":true,"href":"http:\/\/stadtgluet.ch\/index.php?rest_route=%2Fwp%2Fv2%2Fcomments&post=41"}],"version-history":[{"count":40,"href":"http:\/\/stadtgluet.ch\/index.php?rest_route=\/wp\/v2\/pages\/41\/revisions"}],"predecessor-version":[{"id":348,"href":"http:\/\/stadtgluet.ch\/index.php?rest_route=\/wp\/v2\/pages\/41\/revisions\/348"}],"wp:featuredmedia":[{"embeddable":true,"href":"http:\/\/stadtgluet.ch\/index.php?rest_route=\/wp\/v2\/media\/37"}],"wp:attachment":[{"href":"http:\/\/stadtgluet.ch\/index.php?rest_route=%2Fwp%2Fv2%2Fmedia&parent=41"}],"curies":[{"name":"wp","href":"https:\/\/api.w.org\/{rel}","templated":true}]}}